{"id":519,"date":"2025-05-14T09:31:39","date_gmt":"2025-05-14T07:31:39","guid":{"rendered":"https:\/\/dev2.superliebe.com\/mt-2025\/?page_id=519"},"modified":"2025-08-12T12:53:23","modified_gmt":"2025-08-12T10:53:23","slug":"geschichte","status":"publish","type":"page","link":"https:\/\/www.maintower.de\/en\/geschichte\/","title":{"rendered":"History"},"content":{"rendered":"<div data-elementor-type=\"wp-page\" data-elementor-id=\"519\" class=\"elementor elementor-519\" data-elementor-post-type=\"page\">\n\t\t\t\t<div class=\"elementor-element elementor-element-46d1b63 e-con-full e-flex e-con e-parent\" data-id=\"46d1b63\" data-element_type=\"container\" data-e-type=\"container\" data-settings=\"{&quot;background_background&quot;:&quot;classic&quot;}\">\n\t\t\t\t<div class=\"elementor-element elementor-element-d48c70b elementor-widget-mobile__width-initial elementor-widget elementor-widget-mt_timeline_slider\" data-id=\"d48c70b\" data-element_type=\"widget\" data-e-type=\"widget\" data-widget_type=\"mt_timeline_slider.default\">\n\t\t\t\t<div class=\"elementor-widget-container\">\n\t\t\t\t\t\n        <div class=\"mt-timeline-slider\"\n            data-autoplay=\"\"\n            data-autoplay-speed=\"\"\n            data-transition-speed=\"1000\"\n            data-space-between=\"280\">\n\n            <div class=\"swiper mt-timeline-slider__main\">\n                <div class=\"swiper-wrapper\">\n                                            <div class=\"swiper-slide mt-timeline-slider__slide elementor-repeater-item-83f0581\">\n                                                            <div class=\"mt-timeline-slider__image\">\n                                    <img decoding=\"async\" src=\"https:\/\/maintower.de\/wp-content\/uploads\/2025\/05\/timeline-architekturwettbewerb-1991-scaled.webp\" alt=\"Architectural competition:\" class=\"mt-timeline-slider__image\">\n                                    <div class=\"mt-timeline-slider__overlay\"><\/div>\n                                <\/div>\n                                                        <div class=\"mt-timeline-slider__container\">\n                                <div class=\"mt-timeline-slider__content\">\n                                    <div class=\"mt-timeline-slider__year\">1991<\/div>\n\n                                                                            <h3 class=\"mt-timeline-slider__title\">Architectural competition:<\/h3>\n                                    \n                                                                            <div class=\"mt-timeline-slider__description\"><p>Best design for the MAIN TOWER, then still Tower II<br \/>Winner: Architektenb\u00fcro Schweger + Partner, Hamburg<\/p><\/div>\n                                    \n                                                                    <\/div>\n                            <\/div>\n                        <\/div>\n                                            <div class=\"swiper-slide mt-timeline-slider__slide elementor-repeater-item-fc70053\">\n                                                            <div class=\"mt-timeline-slider__image\">\n                                    <img decoding=\"async\" src=\"https:\/\/maintower.de\/wp-content\/uploads\/2025\/06\/Abriss.jpeg\" alt=\"Building demolition:\" class=\"mt-timeline-slider__image\">\n                                    <div class=\"mt-timeline-slider__overlay\"><\/div>\n                                <\/div>\n                                                        <div class=\"mt-timeline-slider__container\">\n                                <div class=\"mt-timeline-slider__content\">\n                                    <div class=\"mt-timeline-slider__year\">1996<\/div>\n\n                                                                            <h3 class=\"mt-timeline-slider__title\">Building demolition:<\/h3>\n                                    \n                                                                            <div class=\"mt-timeline-slider__description\"><p class=\"p1\">On 22.05.1996, the demolition of the building on the site of the MAIN TOWER began.<\/p><\/div>\n                                    \n                                                                    <\/div>\n                            <\/div>\n                        <\/div>\n                                            <div class=\"swiper-slide mt-timeline-slider__slide elementor-repeater-item-cb28c66\">\n                                                            <div class=\"mt-timeline-slider__image\">\n                                    <img decoding=\"async\" src=\"https:\/\/maintower.de\/wp-content\/uploads\/2025\/06\/Bauphase.jpg\" alt=\"Special civil engineering:\" class=\"mt-timeline-slider__image\">\n                                    <div class=\"mt-timeline-slider__overlay\"><\/div>\n                                <\/div>\n                                                        <div class=\"mt-timeline-slider__container\">\n                                <div class=\"mt-timeline-slider__content\">\n                                    <div class=\"mt-timeline-slider__year\">1996<\/div>\n\n                                                                            <h3 class=\"mt-timeline-slider__title\">Special civil engineering:<\/h3>\n                                    \n                                                                            <div class=\"mt-timeline-slider__description\"><p class=\"p1\">The special civil engineering work began on August 21, 1996.<\/p><\/div>\n                                    \n                                                                    <\/div>\n                            <\/div>\n                        <\/div>\n                                            <div class=\"swiper-slide mt-timeline-slider__slide elementor-repeater-item-d72451e\">\n                                                            <div class=\"mt-timeline-slider__image\">\n                                    <img decoding=\"async\" src=\"https:\/\/maintower.de\/wp-content\/uploads\/2025\/06\/Logo-1.png\" alt=\"Naming:\" class=\"mt-timeline-slider__image\">\n                                    <div class=\"mt-timeline-slider__overlay\"><\/div>\n                                <\/div>\n                                                        <div class=\"mt-timeline-slider__container\">\n                                <div class=\"mt-timeline-slider__content\">\n                                    <div class=\"mt-timeline-slider__year\">1996<\/div>\n\n                                                                            <h3 class=\"mt-timeline-slider__title\">Naming:<\/h3>\n                                    \n                                                                            <div class=\"mt-timeline-slider__description\"><p>The original working title of the project was Tower II. After the conclusion of a naming competition in September 1996, the name MAIN TOWER was selected from 361 suggestions.<\/p><\/div>\n                                    \n                                                                    <\/div>\n                            <\/div>\n                        <\/div>\n                                            <div class=\"swiper-slide mt-timeline-slider__slide elementor-repeater-item-45101af\">\n                                                            <div class=\"mt-timeline-slider__quote\">\n                                    <blockquote>\"As visible proof of economic strength and modernity, the MAIN TOWER contributes to the attractiveness of the city of Frankfurt am Main. It meets the desire for publicity and openness like no other high-rise building in Frankfurt. It is a public space and a meeting place.\"<\/blockquote>\n                                                                            <cite class=\"mt-timeline-slider__quote-author\"> \u2013 Walter Sch\u00e4fer<\/cite>\n                                                                    <\/div>\n                                                        <div class=\"mt-timeline-slider__container\">\n                                <div class=\"mt-timeline-slider__content\">\n                                    <div class=\"mt-timeline-slider__year\">1999<\/div>\n\n                                                                            <h3 class=\"mt-timeline-slider__title\">Topping-out ceremony:<\/h3>\n                                    \n                                                                            <div class=\"mt-timeline-slider__description\"><p class=\"p1\">The topping-out ceremony for the MAIN TOWER took place on 10.03.1999.<\/p><\/div>\n                                    \n                                                                                                        <\/div>\n                            <\/div>\n                        <\/div>\n                                            <div class=\"swiper-slide mt-timeline-slider__slide elementor-repeater-item-f462551\">\n                                                            <div class=\"mt-timeline-slider__image\">\n                                    <img decoding=\"async\" src=\"https:\/\/maintower.de\/wp-content\/uploads\/2025\/06\/Frankfurter-Treppe.jpg\" alt=\"&lt;span&gt;Art in the MAIN TOWER:&lt;\/span&gt;\" class=\"mt-timeline-slider__image\">\n                                    <div class=\"mt-timeline-slider__overlay\"><\/div>\n                                <\/div>\n                                                        <div class=\"mt-timeline-slider__container\">\n                                <div class=\"mt-timeline-slider__content\">\n                                    <div class=\"mt-timeline-slider__year\">1999<\/div>\n\n                                                                            <h3 class=\"mt-timeline-slider__title\"><span>Art in the MAIN TOWER:<\/span><\/h3>\n                                    \n                                                                            <div class=\"mt-timeline-slider__description\"><p class=\"p1\">The Frankfurt Staircase \/ XX Century is a wall mosaic with around 2.7 million tesserae by Stephan Huber.\u00a0<\/p><\/div>\n                                    \n                                                                    <\/div>\n                            <\/div>\n                        <\/div>\n                                            <div class=\"swiper-slide mt-timeline-slider__slide elementor-repeater-item-d33521e\">\n                                                            <div class=\"mt-timeline-slider__image\">\n                                    <img decoding=\"async\" src=\"https:\/\/maintower.de\/wp-content\/uploads\/2025\/06\/Image.jpg\" alt=\"Press conference:\" class=\"mt-timeline-slider__image\">\n                                    <div class=\"mt-timeline-slider__overlay\"><\/div>\n                                <\/div>\n                                                        <div class=\"mt-timeline-slider__container\">\n                                <div class=\"mt-timeline-slider__content\">\n                                    <div class=\"mt-timeline-slider__year\">2000<\/div>\n\n                                                                            <h3 class=\"mt-timeline-slider__title\">Press conference:<\/h3>\n                                    \n                                                                            <div class=\"mt-timeline-slider__description\"><p class=\"p1\">The press conference on 25.01.2000 - the architect Peter P. Schwager presents the MAIN TOWER to representatives of the media.<\/p><\/div>\n                                    \n                                                                    <\/div>\n                            <\/div>\n                        <\/div>\n                                            <div class=\"swiper-slide mt-timeline-slider__slide elementor-repeater-item-971e111\">\n                                                            <div class=\"mt-timeline-slider__image\">\n                                    <img decoding=\"async\" src=\"https:\/\/maintower.de\/wp-content\/uploads\/2025\/06\/maintower-sendung.jpg\" alt=\"maintower broadcast:\" class=\"mt-timeline-slider__image\">\n                                    <div class=\"mt-timeline-slider__overlay\"><\/div>\n                                <\/div>\n                                                        <div class=\"mt-timeline-slider__container\">\n                                <div class=\"mt-timeline-slider__content\">\n                                    <div class=\"mt-timeline-slider__year\">2001<\/div>\n\n                                                                            <h3 class=\"mt-timeline-slider__title\">maintower broadcast:<\/h3>\n                                    \n                                                                            <div class=\"mt-timeline-slider__description\"><p class=\"p1\">From 2001 to 2015, the MAIN TOWER produced the weekly tabloid magazine \u201cmaintower\u201d, among other things.<\/p><\/div>\n                                    \n                                                                    <\/div>\n                            <\/div>\n                        <\/div>\n                                            <div class=\"swiper-slide mt-timeline-slider__slide elementor-repeater-item-420cc82\">\n                                                            <div class=\"mt-timeline-slider__image\">\n                                    <img decoding=\"async\" src=\"https:\/\/maintower.de\/wp-content\/uploads\/2025\/06\/9101-4472.jpg\" alt=\"Security gate:\" class=\"mt-timeline-slider__image\">\n                                    <div class=\"mt-timeline-slider__overlay\"><\/div>\n                                <\/div>\n                                                        <div class=\"mt-timeline-slider__container\">\n                                <div class=\"mt-timeline-slider__content\">\n                                    <div class=\"mt-timeline-slider__year\">2001<\/div>\n\n                                                                            <h3 class=\"mt-timeline-slider__title\">Security gate:<\/h3>\n                                    \n                                                                            <div class=\"mt-timeline-slider__description\"><p class=\"p1\">After the attacks of September 11, 2001, security checks were tightened significantly worldwide, especially in publicly accessible places. Since then, the MAIN TOWER foyer has had a security gate to ensure the safety of visitors.<\/p><\/div>\n                                    \n                                                                    <\/div>\n                            <\/div>\n                        <\/div>\n                                            <div class=\"swiper-slide mt-timeline-slider__slide elementor-repeater-item-afd24e5\">\n                                                            <div class=\"mt-timeline-slider__image\">\n                                    <img decoding=\"async\" src=\"https:\/\/maintower.de\/wp-content\/uploads\/2025\/06\/Ziehung_der_Lottozahlen_Ziehungsgeraete_Spiel_77_und_Zusatzzahl_im_Main_Tower.jpg\" alt=\"Draws of the lottery numbers:\" class=\"mt-timeline-slider__image\">\n                                    <div class=\"mt-timeline-slider__overlay\"><\/div>\n                                <\/div>\n                                                        <div class=\"mt-timeline-slider__container\">\n                                <div class=\"mt-timeline-slider__content\">\n                                    <div class=\"mt-timeline-slider__year\">2005<\/div>\n\n                                                                            <h3 class=\"mt-timeline-slider__title\">Draws of the lottery numbers:<\/h3>\n                                    \n                                                                            <div class=\"mt-timeline-slider__description\"><p class=\"p1\">From 02.04.2005 to 29.06.2013, the Saturday lottery numbers were drawn in the MAIN TOWER.<\/p><\/div>\n                                    \n                                                                    <\/div>\n                            <\/div>\n                        <\/div>\n                                            <div class=\"swiper-slide mt-timeline-slider__slide elementor-repeater-item-5882818\">\n                                                            <div class=\"mt-timeline-slider__image\">\n                                    <img decoding=\"async\" src=\"https:\/\/maintower.de\/wp-content\/uploads\/2025\/06\/Dalai-Lama-auf-MT.webp\" alt=\"Prominent visits:\" class=\"mt-timeline-slider__image\">\n                                    <div class=\"mt-timeline-slider__overlay\"><\/div>\n                                <\/div>\n                                                        <div class=\"mt-timeline-slider__container\">\n                                <div class=\"mt-timeline-slider__content\">\n                                    <div class=\"mt-timeline-slider__year\">2008<\/div>\n\n                                                                            <h3 class=\"mt-timeline-slider__title\">Prominent visits:<\/h3>\n                                    \n                                                                            <div class=\"mt-timeline-slider__description\"><p class=\"p1\">The Dalai Lama, the then Prime Minister of Hesse Roland Koch and the then Helaba CEO Dr. G\u00fcnther Merl on the viewing platform of the MAIN TOWER<\/p><\/div>\n                                    \n                                                                    <\/div>\n                            <\/div>\n                        <\/div>\n                                            <div class=\"swiper-slide mt-timeline-slider__slide elementor-repeater-item-074bf78\">\n                                                            <div class=\"mt-timeline-slider__image\">\n                                    <img decoding=\"async\" src=\"https:\/\/maintower.de\/wp-content\/uploads\/2025\/06\/9101-5411.jpg\" alt=\"A fitness center in the clouds:\" class=\"mt-timeline-slider__image\">\n                                    <div class=\"mt-timeline-slider__overlay\"><\/div>\n                                <\/div>\n                                                        <div class=\"mt-timeline-slider__container\">\n                                <div class=\"mt-timeline-slider__content\">\n                                    <div class=\"mt-timeline-slider__year\">2016<\/div>\n\n                                                                            <h3 class=\"mt-timeline-slider__title\">A fitness center in the clouds:<\/h3>\n                                    \n                                                                            <div class=\"mt-timeline-slider__description\"><p>Since 2016, there has been a fitness center on the 53rd floor at a height of around 200m \u2013 so you can train here in Europe's highest fitness studio.<\/p><\/div>\n                                    \n                                                                    <\/div>\n                            <\/div>\n                        <\/div>\n                                            <div class=\"swiper-slide mt-timeline-slider__slide elementor-repeater-item-5ff8234\">\n                                                            <div class=\"mt-timeline-slider__image\">\n                                    <img decoding=\"async\" src=\"https:\/\/maintower.de\/wp-content\/uploads\/2025\/06\/Helaba_Taunusturm_023_CMYK-scaled.jpg\" alt=\"25 years MAIN TOWER:\" class=\"mt-timeline-slider__image\">\n                                    <div class=\"mt-timeline-slider__overlay\"><\/div>\n                                <\/div>\n                                                        <div class=\"mt-timeline-slider__container\">\n                                <div class=\"mt-timeline-slider__content\">\n                                    <div class=\"mt-timeline-slider__year\">2024<\/div>\n\n                                                                            <h3 class=\"mt-timeline-slider__title\">25 years MAIN TOWER:<\/h3>\n                                    \n                                                                            <div class=\"mt-timeline-slider__description\"><p>In November 2024, the MAIN TOWER will be 25 years old.\u00a0<\/p><\/div>\n                                    \n                                                                    <\/div>\n                            <\/div>\n                        <\/div>\n                                    <\/div>\n            <\/div>\n\n                            <div class=\"mt-timeline-slider__nav\">\n                    <div class=\"swiper-button-prev\"><\/div>\n                    <div class=\"swiper-button-next\"><\/div>\n                <\/div>\n                    <\/div>\n\n\t\t\t\t<\/div>\n\t\t\t\t<\/div>\n\t\t<div class=\"elementor-element elementor-element-ee02ced mt-nav-section e-flex e-con-boxed e-con e-child\" data-id=\"ee02ced\" data-element_type=\"container\" data-e-type=\"container\" data-settings=\"{&quot;position&quot;:&quot;fixed&quot;}\">\n\t\t\t\t\t<div class=\"e-con-inner\">\n\t\t\t\t<div class=\"elementor-element elementor-element-917eb18 elementor-widget elementor-widget-button\" data-id=\"917eb18\" data-element_type=\"widget\" data-e-type=\"widget\" data-widget_type=\"button.default\">\n\t\t\t\t<div class=\"elementor-widget-container\">\n\t\t\t\t\t\t\t\t\t<div class=\"elementor-button-wrapper\">\n\t\t\t\t\t<a class=\"elementor-button elementor-button-link elementor-size-sm\" href=\"\/en\/zahlen\/\">\n\t\t\t\t\t\t<span class=\"elementor-button-content-wrapper\">\n\t\t\t\t\t\t<span class=\"elementor-button-icon\">\n\t\t\t\t<svg xmlns=\"http:\/\/www.w3.org\/2000\/svg\" width=\"10\" height=\"16\" viewbox=\"0 0 10 16\" fill=\"none\"><path d=\"M9 1L2 8L9 15\" stroke=\"#092B38\" stroke-width=\"1.5\"><\/path><\/svg>\t\t\t<\/span>\n\t\t\t\t\t\t\t\t\t<span class=\"elementor-button-text\">back<\/span>\n\t\t\t\t\t<\/span>\n\t\t\t\t\t<\/a>\n\t\t\t\t<\/div>\n\t\t\t\t\t\t\t\t<\/div>\n\t\t\t\t<\/div>\n\t\t\t\t<div class=\"elementor-element elementor-element-16f95ee elementor-widget elementor-widget-button\" data-id=\"16f95ee\" data-element_type=\"widget\" data-e-type=\"widget\" data-widget_type=\"button.default\">\n\t\t\t\t<div class=\"elementor-widget-container\">\n\t\t\t\t\t\t\t\t\t<div class=\"elementor-button-wrapper\">\n\t\t\t\t\t<a class=\"elementor-button elementor-button-link elementor-size-sm\" href=\"\/en\/#fakten\">\n\t\t\t\t\t\t<span class=\"elementor-button-content-wrapper\">\n\t\t\t\t\t\t<span class=\"elementor-button-icon\">\n\t\t\t\t<svg xmlns=\"http:\/\/www.w3.org\/2000\/svg\" xmlns:xlink=\"http:\/\/www.w3.org\/1999\/xlink\" width=\"14px\" height=\"16px\" viewbox=\"0 0 14 16\"><title>Stroke 1<\/title><g id=\"symbole\" stroke=\"none\" stroke-width=\"1\" fill=\"none\" fill-rule=\"evenodd\"><polyline id=\"Stroke-1\" stroke=\"#092B38\" stroke-width=\"1.5\" transform=\"translate(6.8096, 8.5) scale(-1, 1) rotate(270) translate(-6.8096, -8.5)\" points=\"-1.17098538e-14 3 8.03144308 3 13.6191406 8.5 8.03144308 14 2.04762452e-14 14\"><\/polyline><\/g><\/svg>\t\t\t<\/span>\n\t\t\t\t\t\t\t\t\t<span class=\"elementor-button-text\">HOME<\/span>\n\t\t\t\t\t<\/span>\n\t\t\t\t\t<\/a>\n\t\t\t\t<\/div>\n\t\t\t\t\t\t\t\t<\/div>\n\t\t\t\t<\/div>\n\t\t\t\t\t<\/div>\n\t\t\t\t<\/div>\n\t\t\t\t<\/div>\n\t\t\t\t<\/div>","protected":false},"excerpt":{"rendered":"<p>1991 Architekturwettbewerb: Bester Entwurf f\u00fcr den MAIN TOWER, damals noch Tower IIGewinner: Architektenb\u00fcro Schweger + Partner, Hamburg 1996 Geb\u00e4udeabriss: Am 22.05.1996 begann der Geb\u00e4udeabriss auf dem Grundst\u00fcck des MAIN TOWER. 1996 Spezialtiefbau: Mit dem Spezialtiefbau wurde am 21.08.1996 begonnen. 1996 Namensgebung: Der urspr\u00fcngliche Arbeitstitel des Projektes war Tower II. Nach Abschluss eines Namenswettbewerbs im September [&hellip;]<\/p>\n","protected":false},"author":2,"featured_media":0,"parent":0,"menu_order":0,"comment_status":"closed","ping_status":"closed","template":"","meta":{"footnotes":""},"class_list":["post-519","page","type-page","status-publish","hentry"],"_links":{"self":[{"href":"https:\/\/www.maintower.de\/en\/wp-json\/wp\/v2\/pages\/519","targetHints":{"allow":["GET"]}}],"collection":[{"href":"https:\/\/www.maintower.de\/en\/wp-json\/wp\/v2\/pages"}],"about":[{"href":"https:\/\/www.maintower.de\/en\/wp-json\/wp\/v2\/types\/page"}],"author":[{"embeddable":true,"href":"https:\/\/www.maintower.de\/en\/wp-json\/wp\/v2\/users\/2"}],"replies":[{"embeddable":true,"href":"https:\/\/www.maintower.de\/en\/wp-json\/wp\/v2\/comments?post=519"}],"version-history":[{"count":340,"href":"https:\/\/www.maintower.de\/en\/wp-json\/wp\/v2\/pages\/519\/revisions"}],"predecessor-version":[{"id":4052,"href":"https:\/\/www.maintower.de\/en\/wp-json\/wp\/v2\/pages\/519\/revisions\/4052"}],"wp:attachment":[{"href":"https:\/\/www.maintower.de\/en\/wp-json\/wp\/v2\/media?parent=519"}],"curies":[{"name":"wp","href":"https:\/\/api.w.org\/{rel}","templated":true}]}}